{"id":11635,"date":"2023-04-20T18:15:55","date_gmt":"2023-04-20T16:15:55","guid":{"rendered":"https:\/\/2024.pyres.com\/termod-gestion-y-control-del-tiempo\/"},"modified":"2025-10-09T11:26:17","modified_gmt":"2025-10-09T09:26:17","slug":"termod","status":"publish","type":"page","link":"https:\/\/pyres.com\/es\/soluciones\/termod\/","title":{"rendered":"Termod"},"content":{"rendered":"<p>[et_pb_section fb_built=\u00bb1&#8243; admin_label=\u00bbHeader FullPage Gauche VersionClair\u00bb module_class=\u00bbHeader C2 VersionSombre\u00bb _builder_version=\u00bb4.21.0&#8243; _module_preset=\u00bbdefault\u00bb use_background_color_gradient=\u00bbon\u00bb background_color_gradient_stops=\u00bb#2e506b 0%|rgba(44,97,97,0.9) 0%|rgba(44,97,97,0.9) 100%\u00bb background_color_gradient_overlays_image=\u00bbon\u00bb background_image=\u00bbhttps:\/\/pyres.com\/wp-content\/uploads\/2023\/07\/3-2.png\u00bb bottom_divider_style=\u00bbarrow2&#8243; bottom_divider_color=\u00bb#FFFFFF\u00bb bottom_divider_flip=\u00bbvertical\u00bb global_colors_info=\u00bb{}\u00bb][et_pb_row column_structure=\u00bb1_2,1_2&#8243; use_custom_gutter=\u00bbon\u00bb gutter_width=\u00bb2&#8243; make_equal=\u00bbon\u00bb module_class=\u00bbLargeurBox\u00bb _builder_version=\u00bb4.21.0&#8243; _module_preset=\u00bbdefault\u00bb global_colors_info=\u00bb{}\u00bb][et_pb_column type=\u00bb1_2&#8243; module_class=\u00bbcentrer-verticalement\u00bb _builder_version=\u00bb4.21.0&#8243; _module_preset=\u00bbdefault\u00bb global_colors_info=\u00bb{}\u00bb][et_pb_image src=\u00bbhttps:\/\/pyres.com\/wp-content\/uploads\/2023\/11\/Termod-Blanc.png\u00bb title_text=\u00bbTermod Blanco\u00bb _builder_version=\u00bb4.22.2&#8243; _module_preset=\u00bbdefault\u00bb width=\u00bb30%\u00bb global_colors_info=\u00bb{}\u00bb][\/et_pb_image][et_pb_text admin_label=\u00bbTitre &#8211; H1&#8243; module_class=\u00bbTitre\u00bb _builder_version=\u00bb4.21.0&#8243; _module_preset=\u00bbdefault\u00bb global_colors_info=\u00bb{}\u00bb]<\/p>\n<div class=\"nectar-split-heading animated-in\" data-align=\"default\" data-m-align=\"inherit\" data-text-effect=\"default\" data-animation-type=\"default\" data-animation-delay=\"0\" data-animation-offset=\"\" data-m-rm-animation=\"\" data-stagger=\"\" data-custom-font-size=\"false\">\n<div class=\"heading-line\">\n<div>\n<h1><strong>El reloj de referencia<\/strong><\/h1>\n<\/div>\n<\/div>\n<\/div>\n<div id=\"fws_647fe14a9b1b2\" data-midnight=\"\" data-column-margin=\"default\" class=\"wpb_row vc_row-fluid vc_row inner_row\">\n<div class=\"row-bg-wrap\"><\/div>\n<\/div>\n<p>[\/et_pb_text][et_pb_text module_class=\u00bbTexte\u00bb _builder_version=\u00bb4.22.2&#8243; _module_preset=\u00bbdefault\u00bb global_colors_info=\u00bb{}\u00bb]<\/p>\n<p><span>La gesti\u00f3n del tiempo y la asistencia es un problema para muchas empresas. Hoy en d\u00eda, los registradores de tiempo siguen siendo el medio m\u00e1s utilizado por las empresas francesas para controlar las horas de trabajo de sus empleados.<\/span><\/p>\n<p>[\/et_pb_text][dsm_button button_one_css=\u00bbBouton Style3 Termod\u00bb button_two_css=\u00bbBouton Style4&#8243; button_one_text=\u00bbP\u00f3ngase en contacto con nosotros\u00bb button_one_url=\u00bbhttps:\/\/2024.pyres.com\/es\/?page_id=11583&#038;Produit=Termod\u00bb button_alignment=\u00bbleft\u00bb button_alignment_tablet=\u00bbleft\u00bb button_alignment_phone=\u00bbcenter\u00bb button_alignment_last_edited=\u00bbon|phone\u00bb module_class=\u00bbBoutonDouble\u00bb _builder_version=\u00bb4.23.2&#8243; _module_preset=\u00bbdefault\u00bb custom_button_one=\u00bbon\u00bb button_one_use_icon=\u00bboff\u00bb button_one_custom_margin_tablet=\u00bb\u00bb button_one_custom_margin_phone=\u00bb30px||||false|false\u00bb button_one_custom_margin_last_edited=\u00bbon|phone\u00bb custom_button_two=\u00bbon\u00bb button_two_use_icon=\u00bboff\u00bb button_two_custom_margin=\u00bb|||40px|false|false\u00bb button_two_custom_margin_tablet=\u00bb|||40px|false|false\u00bb button_two_custom_margin_phone=\u00bb|||0px|false|false\u00bb button_two_custom_margin_last_edited=\u00bbon|phone\u00bb global_colors_info=\u00bb{}\u00bb][\/dsm_button][\/et_pb_column][et_pb_column type=\u00bb1_2&#8243; _builder_version=\u00bb4.19.5&#8243; _module_preset=\u00bbdefault\u00bb background_enable_image=\u00bboff\u00bb background_enable_video_mp4=\u00bboff\u00bb global_colors_info=\u00bb{}\u00bb][et_pb_image src=\u00bbhttps:\/\/pyres.com\/wp-content\/uploads\/2023\/12\/2312-Photos-Termod-Detourees-1.png\u00bb title_text=\u00bb2312 &#8211; Fotos recortadas de Termod (1)\u00bb _builder_version=\u00bb4.23.1&#8243; _module_preset=\u00bbdefault\u00bb global_colors_info=\u00bb{}\u00bb][\/et_pb_image][\/et_pb_column][\/et_pb_row][\/et_pb_section][et_pb_section fb_built=\u00bb1&#8243; module_class=\u00bbServices VersionClair Icone C2 Termod\u00bb _builder_version=\u00bb4.21.0&#8243; _module_preset=\u00bbdefault\u00bb background_enable_image=\u00bboff\u00bb collapsed=\u00bbon\u00bb global_colors_info=\u00bb{}\u00bb][et_pb_row make_equal=\u00bbon\u00bb module_class=\u00bbLargeurBox Inverser\u00bb _builder_version=\u00bb4.19.5&#8243; _module_preset=\u00bbdefault\u00bb global_colors_info=\u00bb{}\u00bb][et_pb_column type=\u00bb4_4&#8243; _builder_version=\u00bb4.19.5&#8243; _module_preset=\u00bbdefault\u00bb global_colors_info=\u00bb{}\u00bb][et_pb_text admin_label=\u00bbTitre &#8211; H1&#8243; module_id=\u00bbfonctionnalites\u00bb module_class=\u00bbTitre Milieu\u00bb _builder_version=\u00bb4.23.1&#8243; _module_preset=\u00bbdefault\u00bb global_colors_info=\u00bb{}\u00bb]<\/p>\n<h2>Los <b>puntos fuertes de <\/b>las identificadoras Termod<\/h2>\n<p>&nbsp;<\/p>\n<p>[\/et_pb_text][\/et_pb_column][\/et_pb_row][et_pb_row column_structure=\u00bb1_2,1_2&#8243; make_equal=\u00bbon\u00bb module_class=\u00bbLargeurBox Inverser\u00bb _builder_version=\u00bb4.21.0&#8243; _module_preset=\u00bbdefault\u00bb global_colors_info=\u00bb{}\u00bb][et_pb_column type=\u00bb1_2&#8243; _builder_version=\u00bb4.21.0&#8243; _module_preset=\u00bbdefault\u00bb animation_style=\u00bbslide\u00bb animation_direction=\u00bbleft\u00bb global_colors_info=\u00bb{}\u00bb][dsm_card title=\u00bbCalidad reconocida\u00bb layout=\u00bbinline\u00bb layout_inline_image_width=\u00bb12%\u00bb content_horizontal_alignment=\u00bbflex-start\u00bb image_as_background=\u00bboff\u00bb use_content_icon=\u00bbon\u00bb font_icon=\u00bb&#xe052;||divi||400&#8243; button_url_new_window=\u00bb1&#8243; module_class=\u00bbIconeTexte\u00bb _builder_version=\u00bb4.23.1&#8243; _module_preset=\u00bbdefault\u00bb header_level=\u00bbh3&#8243; global_colors_info=\u00bb{}\u00bb]<\/p>\n<p>Nuestra gama de distintivos Termod existe desde hace m\u00e1s de 30 a\u00f1os y ha evolucionado con el tiempo para satisfacer las necesidades de las empresas. Algunos de nuestros clientes siguen utilizando la primera versi\u00f3n de nuestras insignias.<\/p>\n<p>[\/dsm_card][dsm_card title=\u00bbUna empresa 100% francesa\u00bb layout=\u00bbinline\u00bb layout_inline_image_width=\u00bb12%\u00bb content_horizontal_alignment=\u00bbflex-start\u00bb image_as_background=\u00bboff\u00bb use_content_icon=\u00bbon\u00bb font_icon=\u00bb&#xe081;||divi||400&#8243; button_url_new_window=\u00bb1&#8243; module_class=\u00bbIconeTexte\u00bb _builder_version=\u00bb4.23.1&#8243; _module_preset=\u00bbdefault\u00bb header_level=\u00bbh3&#8243; global_colors_info=\u00bb{}\u00bb]<\/p>\n<p>Nuestro servicio de atenci\u00f3n al cliente, al igual que todos nuestros servicios, desde el dise\u00f1o hasta la fabricaci\u00f3n de nuestros productos, se encuentra en Francia, concretamente en los Pirineos Orientales.<\/p>\n<p>[\/dsm_card][dsm_card title=\u00bbUna referencia de mercado\u00bb layout=\u00bbinline\u00bb layout_inline_image_width=\u00bb12%\u00bb content_horizontal_alignment=\u00bbflex-start\u00bb image_as_background=\u00bboff\u00bb use_content_icon=\u00bbon\u00bb font_icon=\u00bb&#xe078;||divi||400&#8243; button_url_new_window=\u00bb1&#8243; module_class=\u00bbIconeTexte\u00bb _builder_version=\u00bb4.22.2&#8243; _module_preset=\u00bbdefault\u00bb header_level=\u00bbh3&#8243; global_colors_info=\u00bb{}\u00bb]<\/p>\n<p>La mayor\u00eda de los editores de software de HRIS, n\u00f3minas y cajeros autom\u00e1ticos del mercado ofrecen lectores de tarjetas Termod, que se integran en paquetes de software o en entornos externalizados (Cloud\/SAAS).<\/p>\n<p>[\/dsm_card][\/et_pb_column][et_pb_column type=\u00bb1_2&#8243; _builder_version=\u00bb4.21.0&#8243; _module_preset=\u00bbdefault\u00bb animation_style=\u00bbslide\u00bb animation_direction=\u00bbright\u00bb global_colors_info=\u00bb{}\u00bb][dsm_card title=\u00bbUna gama sostenible\u00bb layout=\u00bbinline\u00bb layout_inline_image_width=\u00bb12%\u00bb content_horizontal_alignment=\u00bbflex-start\u00bb image_as_background=\u00bboff\u00bb use_content_icon=\u00bbon\u00bb font_icon=\u00bb&#xf7d9;||fa||900&#8243; button_url_new_window=\u00bb1&#8243; module_class=\u00bbIconeTexte\u00bb _builder_version=\u00bb4.23.1&#8243; _module_preset=\u00bbdefault\u00bb header_level=\u00bbh3&#8243; global_colors_info=\u00bb{}\u00bb]<\/p>\n<p>PYRESCOM reduce continuamente su impacto medioambiental, desde el dise\u00f1o hasta el reciclaje. Nos comprometemos a reparar estos distintivos para garantizar su fiabilidad a muy largo plazo.<\/p>\n<p>[\/dsm_card][dsm_card title=\u00bbSeguridad confirmada\u00bb layout=\u00bbinline\u00bb layout_inline_image_width=\u00bb12%\u00bb content_horizontal_alignment=\u00bbflex-start\u00bb image_as_background=\u00bboff\u00bb use_content_icon=\u00bbon\u00bb font_icon=\u00bb&#xe06c;||divi||400&#8243; button_url_new_window=\u00bb1&#8243; module_class=\u00bbIconeTexte\u00bb _builder_version=\u00bb4.23.1&#8243; _module_preset=\u00bbdefault\u00bb header_level=\u00bbh3&#8243; global_colors_info=\u00bb{}\u00bb]<\/p>\n<p>La conexi\u00f3n y los datos transmitidos por nuestros distintivos utilizan una cadena t\u00e9cnica probada que nos permite garantizar la disponibilidad, integridad y confidencialidad de los datos.<\/p>\n<p>[\/dsm_card][dsm_card title=\u00bbApto para todas las insignias\u00bb layout=\u00bbinline\u00bb layout_inline_image_width=\u00bb12%\u00bb content_horizontal_alignment=\u00bbflex-start\u00bb image_as_background=\u00bboff\u00bb use_content_icon=\u00bbon\u00bb font_icon=\u00bb&#xf2c1;||fa||900&#8243; button_url_new_window=\u00bb1&#8243; module_class=\u00bbIconeTexte\u00bb _builder_version=\u00bb4.22.2&#8243; _module_preset=\u00bbdefault\u00bb header_level=\u00bbh3&#8243; global_colors_info=\u00bb{}\u00bb]<\/p>\n<p>Todas las tecnolog\u00edas de lectores de tarjetas RFID seguras est\u00e1n integradas en nuestros lectores de tarjetas, por lo que puede agrupar sus inversiones: tarjetas, codificaci\u00f3n, elecci\u00f3n del lector, etc.<\/p>\n<p>[\/dsm_card][\/et_pb_column][\/et_pb_row][\/et_pb_section][et_pb_section fb_built=\u00bb1&#8243; prev_background_color=\u00bb#ffffff\u00bb module_class=\u00bbServices VersionSombre TexteImage\u00bb _builder_version=\u00bb4.21.0&#8243; _module_preset=\u00bbdefault\u00bb background_enable_color=\u00bboff\u00bb use_background_color_gradient=\u00bbon\u00bb background_color_gradient_stops=\u00bbrgba(44,97,97,0.9) 0%|rgba(44,97,97,0.9) 100%\u00bb background_color_gradient_overlays_image=\u00bbon\u00bb background_enable_image=\u00bboff\u00bb top_divider_style=\u00bbarrow2&#8243; bottom_divider_style=\u00bbarrow2&#8243; bottom_divider_color=\u00bb#FFFFFF\u00bb bottom_divider_flip=\u00bbvertical\u00bb collapsed=\u00bbon\u00bb global_colors_info=\u00bb{}\u00bb][et_pb_row column_structure=\u00bb1_2,1_2&#8243; make_equal=\u00bbon\u00bb module_class=\u00bbLargeurBox\u00bb _builder_version=\u00bb4.21.0&#8243; _module_preset=\u00bbdefault\u00bb custom_padding=\u00bb3%||||false|false\u00bb global_colors_info=\u00bb{}\u00bb][et_pb_column type=\u00bb1_2&#8243; _builder_version=\u00bb4.21.0&#8243; _module_preset=\u00bbdefault\u00bb animation_style=\u00bbslide\u00bb animation_direction=\u00bbleft\u00bb global_colors_info=\u00bb{}\u00bb][et_pb_text admin_label=\u00bbTitre &#8211; H1&#8243; module_id=\u00bbsysteme\u00bb module_class=\u00bbTitre Gauche\u00bb _builder_version=\u00bb4.23.1&#8243; _module_preset=\u00bbdefault\u00bb custom_margin=\u00bb10px||||false|false\u00bb custom_margin_tablet=\u00bb10px||||false|false\u00bb custom_margin_phone=\u00bb0px||||false|false\u00bb custom_margin_last_edited=\u00bbon|phone\u00bb global_colors_info=\u00bb{}\u00bb]<\/p>\n<h2>\u00bfPor qu\u00e9 utilizar<br \/>\u00bfSistema <strong>Termod<\/strong>?<\/h2>\n<p>[\/et_pb_text][et_pb_text module_class=\u00bbTexte Gauche\u00bb _builder_version=\u00bb4.22.2&#8243; _module_preset=\u00bbdefault\u00bb global_colors_info=\u00bb{}\u00bb]<\/p>\n<p>Los lectores de tarjetas f\u00edsicas de Termod registran los movimientos de entrada, salida y descanso del personal, as\u00ed como las salidas en misi\u00f3n o formaci\u00f3n&#8230; Tambi\u00e9n registran el tiempo dedicado a cada actividad.<\/p>\n<p>Los empleados pueden consultar sus contadores de tiempo, su horario y declarar sus solicitudes de vacaciones directamente en el reloj de fichar.<\/p>\n<p>&nbsp;<\/p>\n<p>[\/et_pb_text][\/et_pb_column][et_pb_column type=\u00bb1_2&#8243; _builder_version=\u00bb4.21.0&#8243; _module_preset=\u00bbdefault\u00bb animation_style=\u00bbslide\u00bb animation_direction=\u00bbright\u00bb global_colors_info=\u00bb{}\u00bb][et_pb_image src=\u00bbhttps:\/\/pyres.com\/wp-content\/uploads\/2023\/11\/2310-EPnrj-Nouveautes.png\u00bb title_text=\u00bb2310 &#8211; EPnrj &#8211; Noticias\u00bb _builder_version=\u00bb4.22.2&#8243; _module_preset=\u00bbdefault\u00bb global_colors_info=\u00bb{}\u00bb][\/et_pb_image][\/et_pb_column][\/et_pb_row][\/et_pb_section][et_pb_section fb_built=\u00bb1&#8243; module_class=\u00bbServices VersionClair Carte PleineColonne\u00bb _builder_version=\u00bb4.21.0&#8243; _module_preset=\u00bbdefault\u00bb global_colors_info=\u00bb{}\u00bb][et_pb_row make_equal=\u00bbon\u00bb module_class=\u00bbLargeurBox\u00bb _builder_version=\u00bb4.19.5&#8243; _module_preset=\u00bbdefault\u00bb global_colors_info=\u00bb{}\u00bb][et_pb_column type=\u00bb4_4&#8243; _builder_version=\u00bb4.19.5&#8243; _module_preset=\u00bbdefault\u00bb global_colors_info=\u00bb{}\u00bb][et_pb_text admin_label=\u00bbTitre &#8211; H1&#8243; module_id=\u00bbsolutions\u00bb module_class=\u00bbTitre Milieu\u00bb _builder_version=\u00bb4.23.1&#8243; _module_preset=\u00bbdefault\u00bb custom_margin=\u00bb||0px||false|false\u00bb custom_padding=\u00bb||0px||false|false\u00bb global_colors_info=\u00bb{}\u00bb]<\/p>\n<h2>Nuestra <strong>gama <\/strong>Termod<\/h2>\n<p>[\/et_pb_text][\/et_pb_column][\/et_pb_row][et_pb_row column_structure=\u00bb1_2,1_2&#8243; use_custom_gutter=\u00bbon\u00bb gutter_width=\u00bb4&#8243; module_class=\u00bbLargeurBox Colonne3&#8243; _builder_version=\u00bb4.21.0&#8243; _module_preset=\u00bbdefault\u00bb custom_margin=\u00bb||3%||false|false\u00bb global_colors_info=\u00bb{}\u00bb][et_pb_column type=\u00bb1_2&#8243; module_class=\u00bbColonne\u00bb _builder_version=\u00bb4.21.0&#8243; _module_preset=\u00bbdefault\u00bb animation_style=\u00bbslide\u00bb animation_direction=\u00bbleft\u00bb global_colors_info=\u00bb{}\u00bb][dsm_card button_css=\u00bbBouton Style3 Termod\u00bb badge_url_new_window=\u00bbon\u00bb button_text=\u00bbDescargar el folleto\u00bb button_url=\u00bbhttps:\/\/2024.pyres.com\/wp-content\/uploads\/2024\/01\/2401_Termod_T4_EN-1.pdf\u00bb button_url_new_window=\u00bbon\u00bb module_class=\u00bbMilieu CarteRetourner\u00bb _builder_version=\u00bb4.23.4&#8243; _module_preset=\u00bbdefault\u00bb header_level=\u00bbh2&#8243; use_background_color_gradient=\u00bbon\u00bb background_color_gradient_stops=\u00bbrgba(44,97,97,0.96) 0%|rgba(44,97,97,0.98) 30%\u00bb background_color_gradient_overlays_image=\u00bbon\u00bb background_image=\u00bbhttps:\/\/pyres.com\/wp-content\/uploads\/2023\/04\/Illustration-Pyres-02.jpg\u00bb button_alignment=\u00bbcenter\u00bb custom_padding=\u00bb80px|40px|80px|40px|true|true\u00bb hover_enabled=\u00bb0&#8243; global_colors_info=\u00bb{}\u00bb sticky_enabled=\u00bb0&#8243;]<\/p>\n<h3>Est\u00e1ndar<\/h3>\n<p>Termod Standard registra los tiempos de trabajo y asistencia de los empleados. Tambi\u00e9n pueden consultar sus datos personales e introducir solicitudes (tareas, permisos, eventos, etc.).<\/p>\n<p>[\/dsm_card][\/et_pb_column][et_pb_column type=\u00bb1_2&#8243; module_class=\u00bbColonne\u00bb _builder_version=\u00bb4.21.0&#8243; _module_preset=\u00bbdefault\u00bb animation_style=\u00bbslide\u00bb animation_direction=\u00bbright\u00bb global_colors_info=\u00bb{}\u00bb][dsm_card button_css=\u00bbBouton Termod\u00bb button_text=\u00bbDescargar el folleto\u00bb button_url=\u00bbhttps:\/\/2024.pyres.com\/wp-content\/uploads\/2024\/01\/2401_Termod_T4_EN-1.pdf\u00bb button_url_new_window=\u00bbon\u00bb module_class=\u00bbMilieu CarteRetourner\u00bb _builder_version=\u00bb4.23.4&#8243; _module_preset=\u00bbdefault\u00bb header_level=\u00bbh2&#8243; use_background_color_gradient=\u00bbon\u00bb background_color_gradient_stops=\u00bbrgba(44,97,97,0.98) 0%|rgba(44,97,97,0.96) 30%\u00bb background_color_gradient_overlays_image=\u00bbon\u00bb background_image=\u00bbhttps:\/\/pyres.com\/wp-content\/uploads\/2023\/07\/3-4.png\u00bb button_alignment=\u00bbcenter\u00bb custom_padding=\u00bb80px|40px|80px|40px|true|true\u00bb link_option_url_new_window=\u00bbon\u00bb hover_enabled=\u00bb0&#8243; global_colors_info=\u00bb{}\u00bb sticky_enabled=\u00bb0&#8243;]<\/p>\n<h3>Toque<\/h3>\n<p>Termod Tactile combina las funciones de la versi\u00f3n Standard con las ventajas de una pantalla t\u00e1ctil, lo que facilita la introducci\u00f3n de informaci\u00f3n en el terminal (solicitudes de vacaciones, datos de consulta, etc.).<\/p>\n<p>[\/dsm_card][\/et_pb_column][\/et_pb_row][\/et_pb_section][et_pb_section fb_built=\u00bb1&#8243; prev_background_color=\u00bb#ffffff\u00bb module_class=\u00bbServices VersionSombre TexteImage\u00bb _builder_version=\u00bb4.23.1&#8243; _module_preset=\u00bbdefault\u00bb background_enable_color=\u00bboff\u00bb use_background_color_gradient=\u00bbon\u00bb background_color_gradient_stops=\u00bb#ffffff 0%|#ffffff 100%\u00bb background_color_gradient_overlays_image=\u00bbon\u00bb background_enable_image=\u00bboff\u00bb custom_margin=\u00bb||8px|||\u00bb custom_padding=\u00bb0px|||||\u00bb top_divider_style=\u00bbarrow2&#8243; bottom_divider_style=\u00bbarrow2&#8243; bottom_divider_color=\u00bb#FFFFFF\u00bb bottom_divider_flip=\u00bbvertical\u00bb collapsed=\u00bbon\u00bb global_colors_info=\u00bb{}\u00bb][et_pb_row column_structure=\u00bb1_2,1_2&#8243; make_equal=\u00bbon\u00bb module_class=\u00bbLargeurBox\u00bb _builder_version=\u00bb4.21.0&#8243; _module_preset=\u00bbdefault\u00bb custom_padding=\u00bb3%||||false|false\u00bb global_colors_info=\u00bb{}\u00bb][et_pb_column type=\u00bb1_2&#8243; _builder_version=\u00bb4.23.1&#8243; _module_preset=\u00bbdefault\u00bb global_colors_info=\u00bb{}\u00bb][et_pb_image src=\u00bbhttps:\/\/pyres.com\/wp-content\/uploads\/2023\/12\/Design-sans-titre.jpg\u00bb title_text=\u00bbDise\u00f1o sin t\u00edtulo\u00bb module_class=\u00bbImage\u00bb _builder_version=\u00bb4.23.1&#8243; _module_preset=\u00bbdefault\u00bb global_colors_info=\u00bb{}\u00bb][\/et_pb_image][\/et_pb_column][et_pb_column type=\u00bb1_2&#8243; _builder_version=\u00bb4.21.0&#8243; _module_preset=\u00bbdefault\u00bb animation_style=\u00bbslide\u00bb animation_direction=\u00bbleft\u00bb global_colors_info=\u00bb{}\u00bb][et_pb_text admin_label=\u00bbTitre &#8211; H1&#8243; module_id=\u00bbbiometrie\u00bb module_class=\u00bbTitre Gauche\u00bb _builder_version=\u00bb4.23.1&#8243; _module_preset=\u00bbdefault\u00bb custom_margin=\u00bb10px||||false|false\u00bb custom_margin_tablet=\u00bb10px||||false|false\u00bb custom_margin_phone=\u00bb0px||||false|false\u00bb custom_margin_last_edited=\u00bbon|phone\u00bb global_colors_info=\u00bb{}\u00bb]<\/p>\n<h2><span style=\"color: #000000;\">Software <strong>e-Axes<\/strong><\/span><\/h2>\n<p>[\/et_pb_text][et_pb_text module_class=\u00bbTexte Gauche\u00bb _builder_version=\u00bb4.22.2&#8243; _module_preset=\u00bbdefault\u00bb global_colors_info=\u00bb{}\u00bb]<\/p>\n<p><span style=\"color: #000000;\">e-Axe&#8217;s le ofrece un acceso seguro a sus edificios, salas, aparcamientos y torniquetes. Las personas pueden identificarse mediante tarjetas identificativas, y las herramientas de interfaz proporcionadas pueden utilizarse para establecer normas de acceso y autorizaciones.<\/span><\/p>\n<p><span style=\"color: #000000;\">e-Axes cubre todos los aspectos del control de acceso: gesti\u00f3n centralizada (multisitio, supervisi\u00f3n, etc.), autorizaciones (perfiles de usuario, reglas de acceso, etc.), puntos de acceso (acceso remoto, compatibilidad con tarjetas de identificaci\u00f3n, etc.) e historial (alertas y notificaciones, trazabilidad, etc.).<\/span><\/p>\n<p>[\/et_pb_text][\/et_pb_column][\/et_pb_row][\/et_pb_section][et_pb_section fb_built=\u00bb1&#8243; prev_background_color=\u00bb#ffffff\u00bb module_class=\u00bbServices VersionSombre TexteImage\u00bb _builder_version=\u00bb4.21.0&#8243; _module_preset=\u00bbdefault\u00bb background_enable_color=\u00bboff\u00bb use_background_color_gradient=\u00bbon\u00bb background_color_gradient_stops=\u00bbrgba(44,97,97,0.9) 0%|rgba(44,97,97,0.9) 100%\u00bb background_color_gradient_overlays_image=\u00bbon\u00bb background_enable_image=\u00bboff\u00bb top_divider_style=\u00bbarrow2&#8243; bottom_divider_style=\u00bbarrow2&#8243; bottom_divider_color=\u00bb#FFFFFF\u00bb bottom_divider_flip=\u00bbvertical\u00bb collapsed=\u00bbon\u00bb global_colors_info=\u00bb{}\u00bb][et_pb_row column_structure=\u00bb1_2,1_2&#8243; make_equal=\u00bbon\u00bb module_class=\u00bbLargeurBox\u00bb _builder_version=\u00bb4.21.0&#8243; _module_preset=\u00bbdefault\u00bb custom_padding=\u00bb3%||||false|false\u00bb global_colors_info=\u00bb{}\u00bb][et_pb_column type=\u00bb1_2&#8243; _builder_version=\u00bb4.21.0&#8243; _module_preset=\u00bbdefault\u00bb animation_style=\u00bbslide\u00bb animation_direction=\u00bbleft\u00bb global_colors_info=\u00bb{}\u00bb][et_pb_text admin_label=\u00bbTitre &#8211; H1&#8243; module_id=\u00bbbiometrie\u00bb module_class=\u00bbTitre Gauche\u00bb _builder_version=\u00bb4.23.1&#8243; _module_preset=\u00bbdefault\u00bb custom_margin=\u00bb10px||||false|false\u00bb custom_margin_tablet=\u00bb10px||||false|false\u00bb custom_margin_phone=\u00bb0px||||false|false\u00bb custom_margin_last_edited=\u00bbon|phone\u00bb global_colors_info=\u00bb{}\u00bb]<\/p>\n<h2>\u00bfCu\u00e1ndo veremos relojes <strong>biom\u00e9tricos<\/strong>?<\/h2>\n<p>[\/et_pb_text][et_pb_text module_class=\u00bbTexte Gauche\u00bb _builder_version=\u00bb4.22.2&#8243; _module_preset=\u00bbdefault\u00bb global_colors_info=\u00bb{}\u00bb]<\/p>\n<p>Los datos biom\u00e9tricos son datos personales que permiten identificar a una persona: huellas dactilares, ADN, etc. Desde que el Reglamento General de Protecci\u00f3n de Datos (RGPD) entr\u00f3 en vigor en 2018, las tarjetas biom\u00e9tricas est\u00e1n prohibidas en Francia.<\/p>\n<p>Aunque nuestros lectores de tarjetas Termod pueden leer datos biom\u00e9tricos (en particular mediante reconocimiento facial), estas opciones no est\u00e1n disponibles en Francia.<\/p>\n<p>[\/et_pb_text][\/et_pb_column][et_pb_column type=\u00bb1_2&#8243; _builder_version=\u00bb4.21.0&#8243; _module_preset=\u00bbdefault\u00bb animation_style=\u00bbslide\u00bb animation_direction=\u00bbright\u00bb global_colors_info=\u00bb{}\u00bb][et_pb_image src=\u00bbhttps:\/\/pyres.com\/wp-content\/uploads\/2023\/11\/2310-Newsletter-Octobre.png\u00bb title_text=\u00bb2310 &#8211; Bolet\u00edn de octubre\u00bb module_class=\u00bbImage\u00bb _builder_version=\u00bb4.23.1&#8243; _module_preset=\u00bbdefault\u00bb global_colors_info=\u00bb{}\u00bb][\/et_pb_image][\/et_pb_column][\/et_pb_row][\/et_pb_section][et_pb_section fb_built=\u00bb1&#8243; module_class=\u00bbServices VersionClair TexteSimple\u00bb _builder_version=\u00bb4.22.2&#8243; _module_preset=\u00bbdefault\u00bb background_enable_color=\u00bboff\u00bb background_enable_image=\u00bboff\u00bb bottom_divider_color=\u00bb#FFFFFF\u00bb bottom_divider_flip=\u00bbvertical\u00bb collapsed=\u00bbon\u00bb global_colors_info=\u00bb{}\u00bb][et_pb_row column_structure=\u00bb1_2,1_2&#8243; make_equal=\u00bbon\u00bb module_class=\u00bbLargeurBox\u00bb _builder_version=\u00bb4.21.0&#8243; _module_preset=\u00bbdefault\u00bb global_colors_info=\u00bb{}\u00bb][et_pb_column type=\u00bb1_2&#8243; _builder_version=\u00bb4.21.0&#8243; _module_preset=\u00bbdefault\u00bb animation_style=\u00bbslide\u00bb animation_direction=\u00bbleft\u00bb global_colors_info=\u00bb{}\u00bb][et_pb_text admin_label=\u00bbTitre &#8211; H1&#8243; module_id=\u00bbFicheTechnique\u00bb module_class=\u00bbTitre Gauche\u00bb _builder_version=\u00bb4.23.1&#8243; _module_preset=\u00bbdefault\u00bb width=\u00bb100%\u00bb custom_margin=\u00bb20px||||false|false\u00bb global_colors_info=\u00bb{}\u00bb]<\/p>\n<h2><strong>Especificaciones t\u00e9cnicas<\/strong><\/h2>\n<p>[\/et_pb_text][et_pb_text module_class=\u00bbTexte Gauche\u00bb _builder_version=\u00bb4.21.0&#8243; _module_preset=\u00bbdefault\u00bb global_colors_info=\u00bb{}\u00bb]<\/p>\n<p><strong>CORAZ\u00d3N<\/strong><\/p>\n<ul>\n<li>Procesador ARM<\/li>\n<li>Memoria del sistema (flash) 256 MB y memoria de trabajo (DRAM) 64 MB<\/li>\n<li>Memoria para archivos guardados 50 MB<\/li>\n<\/ul>\n<p><strong>SISTEMA<\/strong><\/p>\n<ul>\n<li>Sistema operativo: Linux integrado<\/li>\n<li>Seguridad de la red: PROXY \/ VLAN \/ VPN \/ FIREWALL \/DMZ<\/li>\n<li>Certificado Pyrescom (o cliente) TLS 1.2<\/li>\n<\/ul>\n<p><strong>RELOJ<\/strong><\/p>\n<ul>\n<li>Fecha\/hora, guardado<\/li>\n<li>Diferencia horaria seg\u00fan la zona horaria establecida<\/li>\n<li>Ajuste autom\u00e1tico de la hora (desde servidor NTP o servicio de red)<\/li>\n<\/ul>\n<p><strong>ENTORNO EXTERIOR<\/strong><\/p>\n<ul>\n<li>Fuente de alimentaci\u00f3n integrada 100-240 voltios \/ 50-60 Hz<\/li>\n<li>Duraci\u00f3n de la bater\u00eda 4 horas<\/li>\n<\/ul>\n<p><strong>COMUNICACI\u00d3N<\/strong><\/p>\n<ul>\n<li>Conexi\u00f3n Ethernet 100\/10Mbps RJ-45 ( 100BASE-T\/10BASE-T<\/li>\n<li>Opci\u00f3n POE (IEEE 802.3af)<\/li>\n<li>Opci\u00f3n WIFI (802.11b\/g\/n)<\/li>\n<\/ul>\n<p><strong>VISUALIZACI\u00d3N\/RESTITUCI\u00d3N<\/strong><\/p>\n<ul>\n<li>Pantalla gr\u00e1fica en color<\/li>\n<li>Basic 4\u00bb3 (texto: 12 x40, gr\u00e1ficos: 480 x 272)<\/li>\n<li>Personalice im\u00e1genes, logotipos, iconos, etc.<\/li>\n<li>3 indicadores visuales en el panel frontal (bater\u00eda, reproducci\u00f3n, red)<\/li>\n<li>\u00abBuzzer<\/li>\n<li>Opci\u00f3n de pantalla t\u00e1ctil<\/li>\n<\/ul>\n<p><strong>INCAUTACI\u00d3N DE CUERPOS<\/strong><\/p>\n<ul>\n<li>Lector sin contacto (RFID 13,56 Mhz MIFARE\/DESFIRE, 125 Khz, HID, etc.)<\/li>\n<li>Teclado de 17 teclas: 5 teclas de funci\u00f3n + teclado num\u00e9rico<\/li>\n<\/ul>\n<p>[\/et_pb_text][\/et_pb_column][et_pb_column type=\u00bb1_2&#8243; _builder_version=\u00bb4.21.0&#8243; _module_preset=\u00bbdefault\u00bb animation_style=\u00bbslide\u00bb animation_direction=\u00bbright\u00bb global_colors_info=\u00bb{}\u00bb][et_pb_image src=\u00bbhttps:\/\/pyres.com\/wp-content\/uploads\/2023\/12\/2312-Photos-Termod-Detourees-2.png\u00bb title_text=\u00bb2312 &#8211; Fotos recortadas de Termod (2)\u00bb _builder_version=\u00bb4.23.1&#8243; _module_preset=\u00bbdefault\u00bb width=\u00bb96.5%\u00bb custom_margin=\u00bb15px||||false|false\u00bb global_colors_info=\u00bb{}\u00bb][\/et_pb_image][\/et_pb_column][\/et_pb_row][\/et_pb_section][et_pb_section fb_built=\u00bb1&#8243; module_class=\u00bbServices VersionSombre ContactezNous\u00bb _builder_version=\u00bb4.19.5&#8243; _module_preset=\u00bbdefault\u00bb background_enable_color=\u00bboff\u00bb use_background_color_gradient=\u00bbon\u00bb background_color_gradient_stops=\u00bbrgba(52,55,62,0.98) 0%|rgba(52,55,62,0.95) 100%\u00bb background_color_gradient_overlays_image=\u00bbon\u00bb background_image=\u00bbhttps:\/\/pyres.com\/wp-content\/uploads\/2023\/04\/Illustration-Pyres-02.jpg\u00bb top_divider_style=\u00bbarrow2&#8243; top_divider_color=\u00bb#FFFFFF\u00bb bottom_divider_style=\u00bbarrow2&#8243; bottom_divider_color=\u00bb#FFFFFF\u00bb bottom_divider_flip=\u00bbvertical\u00bb collapsed=\u00bbon\u00bb global_colors_info=\u00bb{}\u00bb][et_pb_row column_structure=\u00bb1_4,3_4&#8243; make_equal=\u00bbon\u00bb module_class=\u00bbLargeurBox\u00bb _builder_version=\u00bb4.19.5&#8243; _module_preset=\u00bbdefault\u00bb global_colors_info=\u00bb{}\u00bb][et_pb_column type=\u00bb1_4&#8243; _builder_version=\u00bb4.19.5&#8243; _module_preset=\u00bbdefault\u00bb global_colors_info=\u00bb{}\u00bb][et_pb_image src=\u00bbhttps:\/\/pyres.com\/wp-content\/uploads\/2023\/12\/Service-Client.png\u00bb title_text=\u00bbAtenci\u00f3n al cliente\u00bb force_fullwidth=\u00bbon\u00bb _builder_version=\u00bb4.23.1&#8243; _module_preset=\u00bbdefault\u00bb border_radii=\u00bbon|15px|15px|15px|15px\u00bb global_colors_info=\u00bb{}\u00bb][\/et_pb_image][\/et_pb_column][et_pb_column type=\u00bb3_4&#8243; _builder_version=\u00bb4.19.5&#8243; _module_preset=\u00bbdefault\u00bb global_colors_info=\u00bb{}\u00bb][et_pb_text admin_label=\u00bbTitre &#8211; H1&#8243; module_class=\u00bbTitre Gauche\u00bb _builder_version=\u00bb4.21.0&#8243; _module_preset=\u00bbdefault\u00bb custom_margin=\u00bb20px||||false|false\u00bb global_colors_info=\u00bb{}\u00bb]<\/p>\n<h2>\u00bfAlguna pregunta? P\u00f3ngase en contacto con nuestros expertos<\/h2>\n<p>[\/et_pb_text][et_pb_text module_class=\u00bbTexte Gauche\u00bb _builder_version=\u00bb4.21.0&#8243; _module_preset=\u00bbdefault\u00bb global_colors_info=\u00bb{}\u00bb]<\/p>\n<p>Nuestros expertos est\u00e1n disponibles por tel\u00e9fono en el +33 4 68 68 39 68 o por correo electr\u00f3nico en direct@pyres.com.<\/p>\n<p>[\/et_pb_text][et_pb_button button_url=\u00bbhttps:\/\/2024.pyres.com\/es\/?page_id=11583&#038;Produit=Termod\u00bb button_text=\u00bbP\u00f3ngase en contacto con nosotros\u00bb module_class=\u00bbBouton Style3 Termod\u00bb _builder_version=\u00bb4.23.2&#8243; _module_preset=\u00bbdefault\u00bb global_colors_info=\u00bb{}\u00bb][\/et_pb_button][\/et_pb_column][\/et_pb_row][\/et_pb_section][et_pb_section fb_built=\u00bb1&#8243; module_class=\u00bbServices VersionClair FAQ Termod\u00bb _builder_version=\u00bb4.21.0&#8243; _module_preset=\u00bbdefault\u00bb background_enable_image=\u00bboff\u00bb global_colors_info=\u00bb{}\u00bb][et_pb_row make_equal=\u00bbon\u00bb module_class=\u00bbLargeurBox\u00bb _builder_version=\u00bb4.21.0&#8243; _module_preset=\u00bbdefault\u00bb custom_margin=\u00bb||0px||false|false\u00bb custom_padding=\u00bb||0px||false|false\u00bb global_colors_info=\u00bb{}\u00bb][et_pb_column type=\u00bb4_4&#8243; _builder_version=\u00bb4.19.5&#8243; _module_preset=\u00bbdefault\u00bb global_colors_info=\u00bb{}\u00bb][et_pb_text admin_label=\u00bbTitre &#8211; H1&#8243; module_id=\u00bbFAQ\u00bb module_class=\u00bbTitre Milieu\u00bb _builder_version=\u00bb4.23.1&#8243; _module_preset=\u00bbdefault\u00bb global_colors_info=\u00bb{}\u00bb]<\/p>\n<h2>Todo lo que necesita <strong>saber<\/strong> <\/h2>\n<p>[\/et_pb_text][\/et_pb_column][\/et_pb_row][et_pb_row module_class=\u00bbLargeurBox\u00bb _builder_version=\u00bb4.19.5&#8243; _module_preset=\u00bbdefault\u00bb global_colors_info=\u00bb{}\u00bb][et_pb_column type=\u00bb4_4&#8243; _builder_version=\u00bb4.19.5&#8243; _module_preset=\u00bbdefault\u00bb global_colors_info=\u00bb{}\u00bb][dsm_faq module_class=\u00bbFAQ \u00bb _builder_version=\u00bb4.23.1&#8243; _module_preset=\u00bbdefault\u00bb global_colors_info=\u00bb{}\u00bb][dsm_faq_child dsm_title=\u00bb\u00bfEl lector de tarjetas Termod est\u00e1 vinculado al software HRIS?\u00bb dsm_content=\u00bb<\/p>\n<p>No. Somos fabricantes franceses de distintivos, pero no editores de software. No obstante, nuestros distintivos son compatibles con la mayor\u00eda de los programas inform\u00e1ticos de gesti\u00f3n de recursos humanos.<\/p>\n<p>\u00bb _builder_version=\u00bb4.22.2&#8243; _module_preset=\u00bbdefault\u00bb header_item_level=\u00bbh3&#8243; global_colors_info=\u00bb{}\u00bb parentOrderClass=\u00bbdsm_faq_0&#8243;][\/dsm_faq_child][dsm_faq_child dsm_title=\u00bb\u00bfCu\u00e1ntas insignias necesito?\u00bb dsm_content=\u00bb<\/p>\n<p>El n\u00famero de distintivos que necesite variar\u00e1 en funci\u00f3n de sus necesidades, el tama\u00f1o de su empresa y el tipo de dise\u00f1o que desee.<\/p>\n<p>P\u00f3ngase en contacto con nosotros<\/p>\n<p>\u00bb _builder_version=\u00bb4.22.2&#8243; _module_preset=\u00bbdefault\u00bb header_item_level=\u00bbh3&#8243; global_colors_info=\u00bb{}\u00bb parentOrderClass=\u00bbdsm_faq_0&#8243;][\/dsm_faq_child][dsm_faq_child dsm_title=\u00bb\u00bfD\u00f3nde instalo las etiquetadoras Termod?\u00bb dsm_content=\u00bb<\/p>\n<p>Algunas empresas optan por instalar sus distintivos en la entrada del edificio, otras prefieren hacerlo en la planta donde trabajan los empleados&#8230; Nuestros lectores de tarjetas pueden adaptarse a sus necesidades.<\/p>\n<p>\u00bb _builder_version=\u00bb4.22.2&#8243; _module_preset=\u00bbdefault\u00bb header_item_level=\u00bbh3&#8243; global_colors_info=\u00bb{}\u00bb parentOrderClass=\u00bbdsm_faq_0&#8243;][\/dsm_faq_child][dsm_faq_child dsm_title=\u00bb\u00bfEs necesario conectar el lector de tarjetas a la red el\u00e9ctrica?\u00bb dsm_content=\u00bb<\/p>\n<p>\u00a1No! Nuestro lector de tarjetas Termod s\u00f3lo necesita estar conectado a la red inform\u00e1tica. Puede obtener su energ\u00eda de la red inform\u00e1tica.<\/p>\n<p>\u00bb _builder_version=\u00bb4.22.2&#8243; _module_preset=\u00bbdefault\u00bb header_item_level=\u00bbh3&#8243; global_colors_info=\u00bb{}\u00bb parentOrderClass=\u00bbdsm_faq_0&#8243;][\/dsm_faq_child][dsm_faq_child dsm_title=\u00bb\u00bfPuedo personalizar mi lector de tarjetas?\u00bb dsm_content=\u00bb<\/p>\n<p>\u00a1S\u00ed!<\/p>\n<p>\u00bb _builder_version=\u00bb4.23.1&#8243; _module_preset=\u00bbdefault\u00bb header_item_level=\u00bbh3&#8243; global_colors_info=\u00bb{}\u00bb parentOrderClass=\u00bbdsm_faq_0&#8243;][\/dsm_faq_child][dsm_faq_child dsm_title=\u00bb\u00bfQu\u00e9 tipo de distintivo debo utilizar?\u00bb dsm_content=\u00bb<\/p>\n<p>Los lectores de tarjetas Termod son compatibles con todo tipo de tarjetas para evitar la necesidad de utilizar varias tarjetas (m\u00e1quina de caf\u00e9, aparcamiento, edificio, planta, etc.).<\/p>\n<p>\u00bb _builder_version=\u00bb4.23.1&#8243; _module_preset=\u00bbdefault\u00bb header_item_level=\u00bbh3&#8243; global_colors_info=\u00bb{}\u00bb parentOrderClass=\u00bbdsm_faq_0&#8243;][\/dsm_faq_child][\/dsm_faq][\/et_pb_column][\/et_pb_row][\/et_pb_section]<\/p>\n","protected":false},"excerpt":{"rendered":"<p>El reloj de referencia La gesti\u00f3n del tiempo y la asistencia es un problema para muchas empresas. Hoy en d\u00eda, los registradores de tiempo siguen siendo el medio m\u00e1s utilizado por las empresas francesas para controlar las horas de trabajo de sus empleados.<div class=\"et_pb_module dsm_button dsm_button_0 et_pb_bg_layout_light\">\n\t\t\t\t\n\t\t\t\t\n\t\t\t\t\n\t\t\t\t\n\t\t\t\t\n\t\t\t\t\n\t\t\t\t<div class=\"et_pb_module_inner\">\n\t\t\t\t\t<div class=\"et_pb_button_module_wrappers dsm_button_0_wrapper et_pb_button_alignment_\u00bbleft\u00bb et_pb_module\">\n\t\t\t\t<a class=\"et_pb_button et_pb_button_one et_pb_bg_layout_light dsm-none \u00bbBouton\"  data-dsm-lightbox-id=\"dsm_button_one_lightbox dsm_button_0\"><span>\u00bbP\u00f3ngase<\/span><\/a>\n\t\t\t<\/div>\n\t\t\t\t<\/div>\n\t\t\t<\/div><\/p>\n","protected":false},"author":1,"featured_media":13634,"parent":12466,"menu_order":35,"comment_status":"closed","ping_status":"closed","template":"","meta":{"_acf_changed":false,"_et_pb_use_builder":"on","_et_pb_old_content":"","_et_gb_content_width":"","content-type":"","footnotes":""},"class_list":["post-11635","page","type-page","status-publish","has-post-thumbnail","hentry"],"acf":[],"_links":{"self":[{"href":"https:\/\/pyres.com\/es\/wp-json\/wp\/v2\/pages\/11635","targetHints":{"allow":["GET"]}}],"collection":[{"href":"https:\/\/pyres.com\/es\/wp-json\/wp\/v2\/pages"}],"about":[{"href":"https:\/\/pyres.com\/es\/wp-json\/wp\/v2\/types\/page"}],"author":[{"embeddable":true,"href":"https:\/\/pyres.com\/es\/wp-json\/wp\/v2\/users\/1"}],"replies":[{"embeddable":true,"href":"https:\/\/pyres.com\/es\/wp-json\/wp\/v2\/comments?post=11635"}],"version-history":[{"count":2,"href":"https:\/\/pyres.com\/es\/wp-json\/wp\/v2\/pages\/11635\/revisions"}],"predecessor-version":[{"id":16192,"href":"https:\/\/pyres.com\/es\/wp-json\/wp\/v2\/pages\/11635\/revisions\/16192"}],"up":[{"embeddable":true,"href":"https:\/\/pyres.com\/es\/wp-json\/wp\/v2\/pages\/12466"}],"wp:featuredmedia":[{"embeddable":true,"href":"https:\/\/pyres.com\/es\/wp-json\/wp\/v2\/media\/13634"}],"wp:attachment":[{"href":"https:\/\/pyres.com\/es\/wp-json\/wp\/v2\/media?parent=11635"}],"curies":[{"name":"wp","href":"https:\/\/api.w.org\/{rel}","templated":true}]}}